{"id":8659,"date":"2023-09-04T13:26:41","date_gmt":"2023-09-04T11:26:41","guid":{"rendered":"https:\/\/www.trendefelipeii.com\/es\/?page_id=8659"},"modified":"2023-09-04T14:01:27","modified_gmt":"2023-09-04T12:01:27","slug":"quien-era-felipe-ii","status":"publish","type":"page","link":"https:\/\/www.trendefelipeii.com\/es\/tren\/quien-era-felipe-ii\/","title":{"rendered":"Qui\u00e9n era Felipe II"},"content":{"rendered":"\n<h2 id=\"felipeii\">Qui\u00e9n era&nbsp;<strong>Felipe II<\/strong><\/h2>\n\n\n\n<div class=\"wp-block-media-text alignwide is-stacked-on-mobile tracking-train-block\"><figure class=\"wp-block-media-text__media\"><img loading=\"lazy\" width=\"602\" height=\"503\" src=\"https:\/\/www.trendefelipeii.com\/es\/wp-content\/uploads\/2019\/08\/eltren_quienera_image_1509562604122.jpg\" alt=\"\" class=\"wp-image-438 size-full\"\/><\/figure><div class=\"wp-block-media-text__content\">\n<p class=\"has-large-font-size\"><\/p>\n\n\n\n<p>Felipe II de Espa\u00f1a, llamado \u00abEl Prudente\u00bb, fue rey de Espa\u00f1a, de N\u00e1poles y Sicilia, de Portugal y los Algarves, y de Inglaterra e Irlanda iure uxoris.<\/p>\n\n\n\n<p>Hijo y heredero de Carlos I de Espa\u00f1a e Isabel de Portugal, hermano de Mar\u00eda de Austria y Juana de Austria, nieto por v\u00eda paterna de Juana I de Castilla y Felipe I \u00abEl Hermoso\u00bb, y de Manuel I de Portugal y Mar\u00eda de Arag\u00f3n por v\u00eda materna, es uno de los monarcas m\u00e1s importantes de la Historia.<\/p>\n\n\n\n<p>Moderniz\u00f3 el primer imperio de car\u00e1cter mundial, en el que \u201cnunca se pon\u00eda el Sol\u201d, que integraba territorios de todos los continentes, lo que le supuso numerosos conflictos con varias potencias internacionales.<\/p>\n\n\n\n<p>En 1561 traslad\u00f3 la capital de Espa\u00f1a a Madrid y en 1563 inici\u00f3 las obras de construcci\u00f3n del Monasterio de El Escorial, donde muri\u00f3 el 13 de septiembre de 1598 a los 71 a\u00f1os de edad.<\/p>\n<\/div><\/div>\n\n\n\n<div class=\"wp-block-columns has-3-columns first-section\">\n<div class=\"wp-block-column\"><\/div>\n\n\n\n<div class=\"wp-block-column\">\n<p><\/p>\n\n\n\r\n<div class=\"tren-felipe-ii-form\">\r\n    <form class=\"fields \" method=\"get\">\r\n        <input type=\"hidden\" name=\"p_p_id\" value=\"PurchasePortlet_WAR_Alsaportlet\" \/>\r\n        <input type=\"hidden\" name=\"p_p_lifecycle\" value=\"1\" \/>\r\n        <input type=\"hidden\" name=\"p_p_state\" value=\"normal\" \/>\r\n        <input type=\"hidden\" name=\"p_p_mode\" value=\"view\" \/>\r\n        <input type=\"hidden\" name=\"p_p_col_id\" value=\"column-1\" \/>\r\n        <input type=\"hidden\" name=\"p_p_col_count\" value=\"2\" \/>\r\n        <input type=\"hidden\" name=\"_PurchasePortlet_WAR_Alsaportlet_javax.portlet.action\" value=\"searchJourneysAction\" \/>\r\n        <input type=\"hidden\" id=\"originStationId\" name=\"originStationId\" value=\"-1\" \/>\r\n        <input type=\"hidden\" id=\"destinationStationId\" name=\"destinationStationId\" value=\"-1\" \/>\r\n        <input type=\"hidden\" name=\"travelType\" value=\"OUTWARD\" \/>\r\n        <input type=\"hidden\" name=\"agency\" value=\"7705\" \/>\r\n        <input type=\"hidden\" name=\"nomob\" value=\"1\" \/>\r\n        <input type=\"hidden\" name=\"LIFERAY_SHARED_isTrainTrip\" value=\"TRUE\" \/>\r\n        <input type=\"hidden\" name=\"_ga\" value=\"\" id=\"linkerParam\" \/>\r\n        <input type=\"hidden\" name=\"passengerType-1\" value=\"0\" \/>\r\n        <input type=\"hidden\" name=\"passengerType-2\" value=\"0\" \/>\r\n        <input type=\"hidden\" name=\"passengerType-3\" value=\"0\" \/>\r\n        <input type=\"hidden\" name=\"passengerType-4\" value=\"0\" \/>\r\n        <input type=\"hidden\" name=\"passengerType-5\" value=\"0\" \/>\r\n        <div class=\"tren-felipe-ii-select packs\">\r\n            <div class=\"text-before es\">PACKS<\/div>\r\n            <div class=\"text-before en\">PACKAGE<\/div>\r\n            <i class=\"fa fa-angle-down\"><\/i>\r\n            <div class=\"initial-option\" data-source=\"\" data-destination=\"\">Selecciona tu pack<\/div>\r\n        <div class=\"options-list\"><li class=\"option\" data-source=\"10009\" data-destination=\"10010\">IMPERIAL<\/li><li class=\"option\" data-source=\"10009\" data-destination=\"10020\">LEYENDAS<\/li><li class=\"option\" data-source=\"10009\" data-destination=\"10022\">TRAVES\u00cdA<\/li><\/div>        <\/div>\r\n        <div class=\"tren-felipe-ii-select passengers\">\r\n            <div class=\"text-before es\">BILLETES<\/div>\r\n            <div class=\"text-before en\">TICKETS<\/div>\r\n            <i class=\"fa fa-angle-down\"><\/i>\r\n            <div class=\"initial-option\">Billetes<\/div>\r\n            <div class=\"options-list\">\r\n                <li class=\"option adults\">\r\n                    <span class=\"amount\">0<\/span> Adulto                    <div class=\"dec\"><i class=\"fa fa-minus\"><\/i><\/div>\r\n                    <div class=\"inc\"><i class=\"fa fa-plus\"><\/i><\/div>\r\n                <\/li>\r\n                <li class=\"option childrens\">\r\n                    <span class=\"amount\">0<\/span> Ni\u00f1os (de 4 a 12)                    <div class=\"dec\"><i class=\"fa fa-minus\"><\/i><\/div>\r\n                    <div class=\"inc\"><i class=\"fa fa-plus\"><\/i><\/div>\r\n                <\/li>\r\n            <\/div>\r\n        <\/div>\r\n        <div class=\"tren-felipe-ii-select date\">\r\n            <div class=\"text-before es\">D\u00cdA<\/div>\r\n            <div class=\"text-before en\">DAY<\/div>\r\n            <i class=\"fa fa-angle-down\"><\/i>\r\n            <input type=\"text\" name=\"departureDate\" value=\"\" class=\"initial-option date-to-show\" \/>\r\n        <\/div>\r\n        <div class=\"tren-felipe-ii-select buy-button\">\r\n            <button class=\"initial-option\">Comprar<\/button>\r\n        <\/div>\r\n        <div class=\"tren-felipe-ii-select promote\">\r\n            <div class=\"text\">C\u00f3digo promocional<\/div>\r\n            <input type=\"text\" name=\"promoCode\" class=\"initial-option\" value=\"\" \/>\r\n        <\/div>\r\n        <img src=\"https:\/\/www.trendefelipeii.com\/es\/wp-content\/plugins\/tren-felipe-ii-packs\/templates\/..\/images\/searchGIF.gif\">\r\n    <\/form>\r\n<\/div>\r\n\r\n<script type=\"text\/javascript\">\r\n    \r\njQuery( function() {\r\n\r\n( function( $ ) {\r\n\r\n    var PARENT_ELEMENT = 'form';\r\n    var SELECT_SELECTOR = '.tren-felipe-ii-select';\r\n    var LIST_SELECTOR = '.options-list';\r\n    var OPTION_SELECTOR = '.option';\r\n    var INITIAL_OPTION_SELECTOR = '.initial-option';\r\n    var OPTION_ACTIVE_CLASS = 'active';\r\n    var OPTION_SHOW_CLASS = 'show';\r\n    var ERROR_CLASS = 'error';\r\n    var ORIGIN_ATTRIBUTE = 'data-source';\r\n    var DESTINATION_ATTRIBUTE = 'data-destination';\r\n    var INCREMENT_SELECTOR = '.inc';\r\n    var DECREMENT_SELECTOR = '.dec';\r\n    var AMOUNT_SELECTOR = '.amount';\r\n    var MAX_PASSENGER = 20;\r\n    var TEXT_FOR_PASSENGERS = ' x MADRID P.PIO - EL ESCORIAL';\r\n    var DATE_TO_SHOW_CLASSNAME = 'date-to-show';\r\n\r\n    var open_options_list = function( event ) {\r\n        if ( $( event.target ).next().hasClass( OPTION_ACTIVE_CLASS ) ) {\r\n            close_options_list();\r\n        } else {\r\n            if ( $( SELECT_SELECTOR + ' ' + LIST_SELECTOR ).hasClass( OPTION_ACTIVE_CLASS ) ) {\r\n                close_options_list();\r\n\r\n                setTimeout( function() {\r\n                    dropdown_list( event )\r\n                }, 200 );\r\n            } else {\r\n                dropdown_list( event );\r\n            }\r\n        }\r\n    };\r\n    var dropdown_list = function( event ) {\r\n        $( event.target ).next( LIST_SELECTOR ).addClass( OPTION_ACTIVE_CLASS );\r\n\r\n        setTimeout( function() {\r\n            $( event.target ).next( LIST_SELECTOR ).addClass( OPTION_SHOW_CLASS );\r\n        }, 10 );        \r\n    };\r\n    var open_options_list_from_icon = function( event ) {\r\n        if ( $( event.target ).is( 'i' ) && $( event.target ).closest( SELECT_SELECTOR ).length ) {\r\n            $( event.target ).closest( SELECT_SELECTOR ).find( INITIAL_OPTION_SELECTOR ).click();\r\n        }\r\n    };\r\n    var close_options_list = function() {\r\n        clear_errors();\r\n        $( SELECT_SELECTOR + ' ' + LIST_SELECTOR ).removeClass( OPTION_SHOW_CLASS );\r\n\r\n        setTimeout( function() {\r\n            $( SELECT_SELECTOR + ' ' + LIST_SELECTOR ).removeClass( OPTION_ACTIVE_CLASS );\r\n        }, 200 );\r\n    };\r\n    var choose_option = function( event ) {\r\n        var current_element = $( event.target );\r\n\r\n        current_element.closest( SELECT_SELECTOR ).find( INITIAL_OPTION_SELECTOR )\r\n            .attr( {\r\n                'data-source': current_element.attr( ORIGIN_ATTRIBUTE ),\r\n                'data-destination': current_element.attr( DESTINATION_ATTRIBUTE )\r\n            } )\r\n            .text( current_element.text() )\r\n        ;\r\n\r\n        close_options_list();\r\n    };\r\n    var close_list_from_no_form = function( event ) {\r\n        var element_clicked = $( event.target );\r\n\r\n        if ( ! element_clicked.hasClass( 'tren-felipe-ii-form' ) && element_clicked.closest( '.tren-felipe-ii-form' ).length == 0 ) {\r\n            close_options_list();\r\n        }\r\n    };\r\n    var increment_passengers = function( event ) {\r\n        var current_element = $( event.target );\r\n        var my_amount_element = current_element.closest( OPTION_SELECTOR ).find( AMOUNT_SELECTOR );\r\n        var my_amount = parseInt( my_amount_element.text() ) + 1;\r\n\r\n        if ( get_total_amount() < MAX_PASSENGER ) {\r\n            my_amount_element.text( my_amount );\r\n        }\r\n\r\n        update_current_value( event, my_amount );\r\n    };\r\n    var decrement_passengers = function( event ) {\r\n        var current_element = $( event.target );\r\n        var my_amount_element = current_element.closest( OPTION_SELECTOR ).find( AMOUNT_SELECTOR );\r\n        var my_amount = parseInt( my_amount_element.text() ) - 1;\r\n\r\n        if ( my_amount > 0 ) {\r\n            my_amount_element.text( my_amount );\r\n        }\r\n\r\n        update_current_value( event, my_amount );\r\n    };\r\n    var update_current_value = function( event, relative_amount ) {\r\n        if ( $( event.target ).closest( '.option' ).hasClass( 'adults' ) ) {\r\n            $( event.target ).closest( PARENT_ELEMENT ).find( 'input[name=passengerType-1]' ).val( relative_amount );\r\n        } else {\r\n            $( event.target ).closest( PARENT_ELEMENT ).find( 'input[name=passengerType-2]' ).val( relative_amount );\r\n        }\r\n        \r\n        $( event.target ).closest( SELECT_SELECTOR ).find( INITIAL_OPTION_SELECTOR ).text( get_total_amount() + TEXT_FOR_PASSENGERS );\r\n    };\r\n    var get_total_amount = function() {\r\n        total = 0;\r\n\r\n        $( SELECT_SELECTOR + '.passengers ' + LIST_SELECTOR + ' ' + OPTION_SELECTOR + ' ' + AMOUNT_SELECTOR ).each( function() {\r\n            total += parseInt( $( this ).text() );\r\n        } );\r\n\r\n        return total;\r\n    };\r\n    var add_0_prefix = function( string ) {\r\n        string = string.toString();\r\n\r\n        if ( string.length < 2 ) {\r\n            string = '0' + string;\r\n        }\r\n\r\n        return string;\r\n    };\r\n    var set_language_right = function() {\r\n        $.datepicker.regional[ 'es' ] = {\r\n            closeText: 'Cerrar',\r\n            prevText: '< Ant',\r\n            nextText: 'Sig >',\r\n            currentText: 'Hoy',\r\n            monthNames: ['Enero', 'Febrero', 'Marzo', 'Abril', 'Mayo', 'Junio', 'Julio', 'Agosto', 'Septiembre', 'Octubre', 'Noviembre', 'Diciembre'],\r\n            monthNamesShort: ['Ene','Feb','Mar','Abr', 'May','Jun','Jul','Ago','Sep', 'Oct','Nov','Dic'],\r\n            dayNames: ['Domingo', 'Lunes', 'Martes', 'Mi\u00e9rcoles', 'Jueves', 'Viernes', 'S\u00e1bado'],\r\n            dayNamesShort: ['Dom','Lun','Mar','Mi\u00e9','Juv','Vie','S\u00e1b'],\r\n            dayNamesMin: ['Do','Lu','Ma','Mi','Ju','Vi','S\u00e1'],\r\n            weekHeader: 'Sm',\r\n            dateFormat: 'dd\/mm\/yy',\r\n            firstDay: 1,\r\n            isRTL: false,\r\n            showMonthAfterYear: false,\r\n            yearSuffix: ''\r\n        };\r\n                    $.datepicker.setDefaults( $.datepicker.regional[ 'es' ] );\r\n                \r\n    };\r\n    var init_datepicker_and_set_current_date = function() {\r\n        var current_date = new Date();\r\n        var year = current_date.getFullYear();\r\n        var month = add_0_prefix( current_date.getMonth() + 1 );\r\n        var day = add_0_prefix( current_date.getDate() );\r\n\r\n        set_language_right();\r\n\r\n        $( '.' + DATE_TO_SHOW_CLASSNAME )\r\n            .datepicker( { dateFormat: 'dd\/mm\/yy' } )\r\n            .val( day + '\/' + month + '\/' + year )\r\n        ;\r\n    };\r\n    var show_code_input = function( event ) {\r\n        $( event.target ).parent().addClass( OPTION_SHOW_CLASS );\r\n    };\r\n    var bind_events = function() {\r\n        $( SELECT_SELECTOR + '.packs ' + INITIAL_OPTION_SELECTOR + ',' + SELECT_SELECTOR + '.passengers ' + INITIAL_OPTION_SELECTOR ).click( open_options_list );\r\n        $( SELECT_SELECTOR + '.packs > i,' + SELECT_SELECTOR + '.passengers > i' ).click( open_options_list_from_icon );\r\n        $( SELECT_SELECTOR + '.packs ' + LIST_SELECTOR + ' ' + OPTION_SELECTOR ).click( choose_option );\r\n        $( 'body' ).click( close_list_from_no_form );\r\n        $( SELECT_SELECTOR + '.passengers ' + LIST_SELECTOR + ' ' + OPTION_SELECTOR + ' ' + DECREMENT_SELECTOR ).click( decrement_passengers );\r\n        $( SELECT_SELECTOR + '.passengers ' + LIST_SELECTOR + ' ' + OPTION_SELECTOR + ' ' + INCREMENT_SELECTOR ).click( increment_passengers );\r\n        $( SELECT_SELECTOR + '.promote .text' ).click( show_code_input );\r\n        $( SELECT_SELECTOR + '.buy-button' ).click( submit_form );\r\n    };\r\n    var set_ga_input_value = function( form_element ) {\r\n        if ( typeof ga === 'undefined' ) {\r\n            return false;\r\n        }\r\n\r\n        var tracker = ga.getAll()[ 0 ];\r\n        var linkerParam = tracker.get('linkerParam');\r\n        \r\n        form_element.find( '#linkerParam' ).val( linkerParam.split( '=' )[ 1 ] );\r\n    };\r\n    var set_destination_input_value = function( form_element ) {\r\n        var destination_id = form_element.find( SELECT_SELECTOR + '.packs ' + INITIAL_OPTION_SELECTOR ).attr( DESTINATION_ATTRIBUTE );\r\n        var source_id = form_element.find( SELECT_SELECTOR + '.packs ' + INITIAL_OPTION_SELECTOR ).attr( ORIGIN_ATTRIBUTE );\r\n\r\n        if ( destination_id === '' ) {\r\n            form_element.find( SELECT_SELECTOR + '.packs' ).addClass( ERROR_CLASS );\r\n            return false\r\n        } else {\r\n            form_element.find( 'input[name=destinationStationId]' ).val( destination_id );\r\n            form_element.find( 'input[name=originStationId]' ).val( source_id );\r\n        }\r\n\r\n        return true;\r\n    };\r\n    var check_minimal_passengers = function( form_element ) {\r\n        if ( get_total_amount() < 1 ) {\r\n            form_element.find( SELECT_SELECTOR + '.passengers' ).addClass( ERROR_CLASS );\r\n            return false\r\n        }\r\n\r\n        return true;\r\n    };\r\n    var clear_errors = function() {\r\n        $( SELECT_SELECTOR + '.' + ERROR_CLASS ).removeClass( ERROR_CLASS );\r\n    };\r\n    var set_form_url = function() {\r\n                var url ='https:\/\/www.alsa.es\/es\/checkout';\r\n        \r\n        $( '.tren-felipe-ii-form ' + PARENT_ELEMENT + '.fields').attr( 'action', url );\r\n    };\r\n    var submit_form = function( event ) {\r\n        event.preventDefault();\r\n        var form_element = $( event.target ).closest( PARENT_ELEMENT );\r\n\r\n        close_options_list();\r\n        set_ga_input_value( form_element );\r\n\r\n        if ( ! set_destination_input_value( form_element ) ) {\r\n            return false;\r\n        }\r\n\r\n        if ( ! check_minimal_passengers( form_element ) ) {\r\n            return false;\r\n        }\r\n\r\n        form_element.submit();\r\n    };\r\n    var create_and_locate_button_fixed = function() {\r\n        var html_button = '<div class=\"tren-felipe-ii-buy-button-fixed\">';\r\n        \r\n        html_button += '<button>Comprar<\/button><i class=\"fa fa-angle-up\"><\/i><\/div>';\r\n\r\n        $( 'body' ).append( html_button );\r\n\r\n        bind_buy_button_fixed();\r\n    };\r\n    var bind_buy_button_fixed = function() {\r\n        $( '.tren-felipe-ii-buy-button-fixed' ).click( function() {\r\n            $( '.tren-felipe-ii-select.buy-button' ).closest( 'form' )\r\n\r\n            $( 'html, body' ).animate( { scrollTop: $( '.tren-felipe-ii-select.buy-button' ).closest( 'form' ).offset().top - 200 }, 300 );\r\n        } );\r\n    };\r\n    var init = function() {\r\n        set_form_url();\r\n        bind_events();\r\n        init_datepicker_and_set_current_date();\r\n        create_and_locate_button_fixed();\r\n    };\r\n\r\n    init();\r\n\r\n} )( jQuery );\r\n\r\n} );\r\n\r\n<\/script>\r\n\n\n\n\n<p><\/p>\n<\/div>\n\n\n\n<div class=\"wp-block-column\"><\/div>\n<\/div>\n","protected":false},"excerpt":{"rendered":"<p>Qui\u00e9n era&nbsp;Felipe II Felipe II de Espa\u00f1a, llamado \u00abEl Prudente\u00bb, fue rey de Espa\u00f1a, de N\u00e1poles y Sicilia, de Portugal y los Algarves, y de Inglaterra e Irlanda iure uxoris. Hijo y heredero de Carlos I de Espa\u00f1a e Isabel de Portugal, hermano de Mar\u00eda de Austria y Juana de Austria, nieto por v\u00eda paterna [&hellip;]<\/p>\n","protected":false},"author":1,"featured_media":413,"parent":407,"menu_order":0,"comment_status":"closed","ping_status":"closed","template":"template-train-felipe-ii-page.php","meta":[],"featured_image_urls":{"full":["https:\/\/www.trendefelipeii.com\/wp-content\/uploads\/2019\/08\/eltren_pagina_image_1509556615994.jpg",2176,1009,false],"thumbnail":["https:\/\/www.trendefelipeii.com\/wp-content\/uploads\/2019\/08\/eltren_pagina_image_1509556615994.jpg",150,70,false],"medium":["https:\/\/www.trendefelipeii.com\/wp-content\/uploads\/2019\/08\/eltren_pagina_image_1509556615994.jpg",300,139,false],"medium_large":["https:\/\/www.trendefelipeii.com\/wp-content\/uploads\/2019\/08\/eltren_pagina_image_1509556615994.jpg",768,356,false],"large":["https:\/\/www.trendefelipeii.com\/wp-content\/uploads\/2019\/08\/eltren_pagina_image_1509556615994.jpg",980,454,false],"1536x1536":["https:\/\/www.trendefelipeii.com\/wp-content\/uploads\/2019\/08\/eltren_pagina_image_1509556615994.jpg",1536,712,false],"2048x2048":["https:\/\/www.trendefelipeii.com\/wp-content\/uploads\/2019\/08\/eltren_pagina_image_1509556615994.jpg",2048,950,false]},"post_excerpt_stackable":"<p>Qui\u00e9n era&nbsp;Felipe II Felipe II de Espa\u00f1a, llamado \u00abEl Prudente\u00bb, fue rey de Espa\u00f1a, de N\u00e1poles y Sicilia, de Portugal y los Algarves, y de Inglaterra e Irlanda iure uxoris. Hijo y heredero de Carlos I de Espa\u00f1a e Isabel de Portugal, hermano de Mar\u00eda de Austria y Juana de Austria, nieto por v\u00eda paterna de Juana I de Castilla y Felipe I \u00abEl Hermoso\u00bb, y de Manuel I de Portugal y Mar\u00eda de Arag\u00f3n por v\u00eda materna, es uno de los monarcas m\u00e1s importantes de la Historia. Moderniz\u00f3 el primer imperio de car\u00e1cter mundial, en el que \u201cnunca se&hellip;<\/p>\n","category_list":"","author_info":{"name":"trenfelipeii","url":"https:\/\/www.trendefelipeii.com\/es\/author\/trenfelipeii\/"},"comments_num":"0 comentarios","featured_image_urls_v2":{"full":["https:\/\/www.trendefelipeii.com\/wp-content\/uploads\/2019\/08\/eltren_pagina_image_1509556615994.jpg",2176,1009,false],"thumbnail":["https:\/\/www.trendefelipeii.com\/wp-content\/uploads\/2019\/08\/eltren_pagina_image_1509556615994.jpg",150,70,false],"medium":["https:\/\/www.trendefelipeii.com\/wp-content\/uploads\/2019\/08\/eltren_pagina_image_1509556615994.jpg",300,139,false],"medium_large":["https:\/\/www.trendefelipeii.com\/wp-content\/uploads\/2019\/08\/eltren_pagina_image_1509556615994.jpg",768,356,false],"large":["https:\/\/www.trendefelipeii.com\/wp-content\/uploads\/2019\/08\/eltren_pagina_image_1509556615994.jpg",980,454,false],"1536x1536":["https:\/\/www.trendefelipeii.com\/wp-content\/uploads\/2019\/08\/eltren_pagina_image_1509556615994.jpg",1536,712,false],"2048x2048":["https:\/\/www.trendefelipeii.com\/wp-content\/uploads\/2019\/08\/eltren_pagina_image_1509556615994.jpg",2048,950,false]},"post_excerpt_stackable_v2":"<p>Qui\u00e9n era&nbsp;Felipe II Felipe II de Espa\u00f1a, llamado \u00abEl Prudente\u00bb, fue rey de Espa\u00f1a, de N\u00e1poles y Sicilia, de Portugal y los Algarves, y de Inglaterra e Irlanda iure uxoris. Hijo y heredero de Carlos I de Espa\u00f1a e Isabel de Portugal, hermano de Mar\u00eda de Austria y Juana de Austria, nieto por v\u00eda paterna de Juana I de Castilla y Felipe I \u00abEl Hermoso\u00bb, y de Manuel I de Portugal y Mar\u00eda de Arag\u00f3n por v\u00eda materna, es uno de los monarcas m\u00e1s importantes de la Historia. Moderniz\u00f3 el primer imperio de car\u00e1cter mundial, en el que \u201cnunca se&hellip;<\/p>\n","category_list_v2":"","author_info_v2":{"name":"trenfelipeii","url":"https:\/\/www.trendefelipeii.com\/es\/author\/trenfelipeii\/"},"comments_num_v2":"0 comentarios","yoast_head":"<!-- This site is optimized with the Yoast SEO plugin v18.0 - https:\/\/yoast.com\/wordpress\/plugins\/seo\/ -->\n<title>Qui\u00e9n era Felipe II - Tren de Felipe II<\/title>\n<meta name=\"robots\" content=\"index, follow, max-snippet:-1, max-image-preview:large, max-video-preview:-1\" \/>\n<link rel=\"canonical\" href=\"https:\/\/www.trendefelipeii.com\/es\/tren\/quien-era-felipe-ii\/\" \/>\n<meta property=\"og:locale\" content=\"es_ES\" \/>\n<meta property=\"og:type\" content=\"article\" \/>\n<meta property=\"og:title\" content=\"Qui\u00e9n era Felipe II - Tren de Felipe II\" \/>\n<meta property=\"og:description\" content=\"Qui\u00e9n era&nbsp;Felipe II Felipe II de Espa\u00f1a, llamado \u00abEl Prudente\u00bb, fue rey de Espa\u00f1a, de N\u00e1poles y Sicilia, de Portugal y los Algarves, y de Inglaterra e Irlanda iure uxoris. Hijo y heredero de Carlos I de Espa\u00f1a e Isabel de Portugal, hermano de Mar\u00eda de Austria y Juana de Austria, nieto por v\u00eda paterna [&hellip;]\" \/>\n<meta property=\"og:url\" content=\"https:\/\/www.trendefelipeii.com\/es\/tren\/quien-era-felipe-ii\/\" \/>\n<meta property=\"og:site_name\" content=\"Tren de Felipe II\" \/>\n<meta property=\"article:modified_time\" content=\"2023-09-04T12:01:27+00:00\" \/>\n<meta property=\"og:image\" content=\"https:\/\/www.trendefelipeii.com\/wp-content\/uploads\/2019\/08\/eltren_pagina_image_1509556615994.jpg\" \/>\n\t<meta property=\"og:image:width\" content=\"2176\" \/>\n\t<meta property=\"og:image:height\" content=\"1009\" \/>\n\t<meta property=\"og:image:type\" content=\"image\/jpeg\" \/>\n<meta name=\"twitter:card\" content=\"summary_large_image\" \/>\n<meta name=\"twitter:label1\" content=\"Tiempo de lectura\" \/>\n\t<meta name=\"twitter:data1\" content=\"1 minuto\" \/>\n<script type=\"application\/ld+json\" class=\"yoast-schema-graph\">{\"@context\":\"https:\/\/schema.org\",\"@graph\":[{\"@type\":\"WebSite\",\"@id\":\"https:\/\/www.trendefelipeii.com\/es\/#website\",\"url\":\"https:\/\/www.trendefelipeii.com\/es\/\",\"name\":\"Tren de Felipe II\",\"description\":\"Un viaje apasionante a otra \u00e9poca\",\"potentialAction\":[{\"@type\":\"SearchAction\",\"target\":{\"@type\":\"EntryPoint\",\"urlTemplate\":\"https:\/\/www.trendefelipeii.com\/es\/?s={search_term_string}\"},\"query-input\":\"required name=search_term_string\"}],\"inLanguage\":\"es\"},{\"@type\":\"ImageObject\",\"@id\":\"https:\/\/www.trendefelipeii.com\/es\/tren\/quien-era-felipe-ii\/#primaryimage\",\"inLanguage\":\"es\",\"url\":\"https:\/\/www.trendefelipeii.com\/wp-content\/uploads\/2019\/08\/eltren_pagina_image_1509556615994.jpg\",\"contentUrl\":\"https:\/\/www.trendefelipeii.com\/wp-content\/uploads\/2019\/08\/eltren_pagina_image_1509556615994.jpg\",\"width\":2176,\"height\":1009},{\"@type\":\"WebPage\",\"@id\":\"https:\/\/www.trendefelipeii.com\/es\/tren\/quien-era-felipe-ii\/#webpage\",\"url\":\"https:\/\/www.trendefelipeii.com\/es\/tren\/quien-era-felipe-ii\/\",\"name\":\"Qui\u00e9n era Felipe II - Tren de Felipe II\",\"isPartOf\":{\"@id\":\"https:\/\/www.trendefelipeii.com\/es\/#website\"},\"primaryImageOfPage\":{\"@id\":\"https:\/\/www.trendefelipeii.com\/es\/tren\/quien-era-felipe-ii\/#primaryimage\"},\"datePublished\":\"2023-09-04T11:26:41+00:00\",\"dateModified\":\"2023-09-04T12:01:27+00:00\",\"breadcrumb\":{\"@id\":\"https:\/\/www.trendefelipeii.com\/es\/tren\/quien-era-felipe-ii\/#breadcrumb\"},\"inLanguage\":\"es\",\"potentialAction\":[{\"@type\":\"ReadAction\",\"target\":[\"https:\/\/www.trendefelipeii.com\/es\/tren\/quien-era-felipe-ii\/\"]}]},{\"@type\":\"BreadcrumbList\",\"@id\":\"https:\/\/www.trendefelipeii.com\/es\/tren\/quien-era-felipe-ii\/#breadcrumb\",\"itemListElement\":[{\"@type\":\"ListItem\",\"position\":1,\"name\":\"Inicio\",\"item\":\"https:\/\/www.trendefelipeii.com\/es\/\"},{\"@type\":\"ListItem\",\"position\":2,\"name\":\"El Tren de Felipe II\",\"item\":\"https:\/\/www.trendefelipeii.com\/es\/tren\/\"},{\"@type\":\"ListItem\",\"position\":3,\"name\":\"Qui\u00e9n era Felipe II\"}]}]}<\/script>\n<!-- \/ Yoast SEO plugin. -->","yoast_head_json":{"title":"Qui\u00e9n era Felipe II - Tren de Felipe II","robots":{"index":"index","follow":"follow","max-snippet":"max-snippet:-1","max-image-preview":"max-image-preview:large","max-video-preview":"max-video-preview:-1"},"canonical":"https:\/\/www.trendefelipeii.com\/es\/tren\/quien-era-felipe-ii\/","og_locale":"es_ES","og_type":"article","og_title":"Qui\u00e9n era Felipe II - Tren de Felipe II","og_description":"Qui\u00e9n era&nbsp;Felipe II Felipe II de Espa\u00f1a, llamado \u00abEl Prudente\u00bb, fue rey de Espa\u00f1a, de N\u00e1poles y Sicilia, de Portugal y los Algarves, y de Inglaterra e Irlanda iure uxoris. Hijo y heredero de Carlos I de Espa\u00f1a e Isabel de Portugal, hermano de Mar\u00eda de Austria y Juana de Austria, nieto por v\u00eda paterna [&hellip;]","og_url":"https:\/\/www.trendefelipeii.com\/es\/tren\/quien-era-felipe-ii\/","og_site_name":"Tren de Felipe II","article_modified_time":"2023-09-04T12:01:27+00:00","og_image":[{"width":2176,"height":1009,"url":"https:\/\/www.trendefelipeii.com\/wp-content\/uploads\/2019\/08\/eltren_pagina_image_1509556615994.jpg","type":"image\/jpeg"}],"twitter_card":"summary_large_image","twitter_misc":{"Tiempo de lectura":"1 minuto"},"schema":{"@context":"https:\/\/schema.org","@graph":[{"@type":"WebSite","@id":"https:\/\/www.trendefelipeii.com\/es\/#website","url":"https:\/\/www.trendefelipeii.com\/es\/","name":"Tren de Felipe II","description":"Un viaje apasionante a otra \u00e9poca","potentialAction":[{"@type":"SearchAction","target":{"@type":"EntryPoint","urlTemplate":"https:\/\/www.trendefelipeii.com\/es\/?s={search_term_string}"},"query-input":"required name=search_term_string"}],"inLanguage":"es"},{"@type":"ImageObject","@id":"https:\/\/www.trendefelipeii.com\/es\/tren\/quien-era-felipe-ii\/#primaryimage","inLanguage":"es","url":"https:\/\/www.trendefelipeii.com\/wp-content\/uploads\/2019\/08\/eltren_pagina_image_1509556615994.jpg","contentUrl":"https:\/\/www.trendefelipeii.com\/wp-content\/uploads\/2019\/08\/eltren_pagina_image_1509556615994.jpg","width":2176,"height":1009},{"@type":"WebPage","@id":"https:\/\/www.trendefelipeii.com\/es\/tren\/quien-era-felipe-ii\/#webpage","url":"https:\/\/www.trendefelipeii.com\/es\/tren\/quien-era-felipe-ii\/","name":"Qui\u00e9n era Felipe II - Tren de Felipe II","isPartOf":{"@id":"https:\/\/www.trendefelipeii.com\/es\/#website"},"primaryImageOfPage":{"@id":"https:\/\/www.trendefelipeii.com\/es\/tren\/quien-era-felipe-ii\/#primaryimage"},"datePublished":"2023-09-04T11:26:41+00:00","dateModified":"2023-09-04T12:01:27+00:00","breadcrumb":{"@id":"https:\/\/www.trendefelipeii.com\/es\/tren\/quien-era-felipe-ii\/#breadcrumb"},"inLanguage":"es","potentialAction":[{"@type":"ReadAction","target":["https:\/\/www.trendefelipeii.com\/es\/tren\/quien-era-felipe-ii\/"]}]},{"@type":"BreadcrumbList","@id":"https:\/\/www.trendefelipeii.com\/es\/tren\/quien-era-felipe-ii\/#breadcrumb","itemListElement":[{"@type":"ListItem","position":1,"name":"Inicio","item":"https:\/\/www.trendefelipeii.com\/es\/"},{"@type":"ListItem","position":2,"name":"El Tren de Felipe II","item":"https:\/\/www.trendefelipeii.com\/es\/tren\/"},{"@type":"ListItem","position":3,"name":"Qui\u00e9n era Felipe II"}]}]}},"_links":{"self":[{"href":"https:\/\/www.trendefelipeii.com\/es\/wp-json\/wp\/v2\/pages\/8659"}],"collection":[{"href":"https:\/\/www.trendefelipeii.com\/es\/wp-json\/wp\/v2\/pages"}],"about":[{"href":"https:\/\/www.trendefelipeii.com\/es\/wp-json\/wp\/v2\/types\/page"}],"author":[{"embeddable":true,"href":"https:\/\/www.trendefelipeii.com\/es\/wp-json\/wp\/v2\/users\/1"}],"replies":[{"embeddable":true,"href":"https:\/\/www.trendefelipeii.com\/es\/wp-json\/wp\/v2\/comments?post=8659"}],"version-history":[{"count":3,"href":"https:\/\/www.trendefelipeii.com\/es\/wp-json\/wp\/v2\/pages\/8659\/revisions"}],"predecessor-version":[{"id":8676,"href":"https:\/\/www.trendefelipeii.com\/es\/wp-json\/wp\/v2\/pages\/8659\/revisions\/8676"}],"up":[{"embeddable":true,"href":"https:\/\/www.trendefelipeii.com\/es\/wp-json\/wp\/v2\/pages\/407"}],"wp:featuredmedia":[{"embeddable":true,"href":"https:\/\/www.trendefelipeii.com\/es\/wp-json\/wp\/v2\/media\/413"}],"wp:attachment":[{"href":"https:\/\/www.trendefelipeii.com\/es\/wp-json\/wp\/v2\/media?parent=8659"}],"curies":[{"name":"wp","href":"https:\/\/api.w.org\/{rel}","templated":true}]}}